{"id":3712,"date":"2021-01-13T12:13:44","date_gmt":"2021-01-13T11:13:44","guid":{"rendered":"https:\/\/www.aivp.org\/?post_type=engagement&#038;p=3712"},"modified":"2024-01-17T12:09:15","modified_gmt":"2024-01-17T11:09:15","slug":"cultura-portuaria-e-identidad","status":"publish","type":"engagement","link":"https:\/\/www.aivp.org\/es\/compromisos\/cultura-portuaria-e-identidad\/","title":{"rendered":"Cultura portuaria e identidad"},"content":{"rendered":"<div class=\"block block-deux-colonnes deux-colonnes-engagement pb-6 pt-5 mb-5   bg-white\" id=\"deux-colonnes\">\n\n\t<div class=\"container\">\n\n\t\t<div class=\"row\">\n\n\t\t\t<div class=\"col-12\">\n\t\t\t\t\t\t\t\t\t<h4>Promover la cultura y la identidad caracter\u00edsticas de las ciudades portuarias y recuperar el orgullo de los habitantes de pertenecer a una comunidad de inter\u00e9s Ciudad Puerto, al: <\/h4>\n\t\t\t\t\t\t\t<\/div>\n\t\t\t\n\t\t\t<div class=\"col-lg-6\">\n\t\t\t\t\n\t\t\t\t<div class=\"anime-in-view\"><p><span style=\"color: #f5d075;\">\u00a01-\u00a0<\/span> Crear en el interfaz Ciudad Puerto todo tipo de paseos y recorridos abiertos a todos para facilitar la comprensi\u00f3n de las actividades portuarias y log\u00edsticas.<\/p>\n<p><span style=\"color: #f5d075;\">2- <\/span>Integrar en las instalaciones portuarias espacios y funciones abiertos a los habitantes y a los visitantes, que les muestren el puerto y sus actividades.<\/p>\n<p><span style=\"color: #f5d075;\">3- <\/span>Promover la creaci\u00f3n de Port Centers.<\/p>\n<\/div>\n\t\t\t<\/div>\n\n\t\t\t<div class=\"col-lg-6\">\n\t\t\t\t\n\t\t\t\t<div class=\"anime-in-view\"><p><span style=\"color: #f5d075;\">4- <\/span>Informar diariamente y por todos los medios a los habitantes, en especial a los j\u00f3venes y alumnos, acerca de la vida del puerto y de la ciudad.<\/p>\n<p><span style=\"color: #f5d075;\">5- <\/span>Programar en el puerto eventos culturales temporales o permanentes.<\/p>\n<\/div>\n\t\t\t<\/div>\n\n\t\t<\/div>\n\n\t<\/div>\n\n<\/div>\n\n<div class=\"block block-chiffres-cles chiffres-cles-engagement counted position-relative pb-5 bg-primary \" id=\"objectifs-engagement\">\n\n\n<svg class=\"vague\" version=\"1.1\" id=\"Calque_1\" xmlns=\"http:\/\/www.w3.org\/2000\/svg\" width=\"100%\" height=\"136.4\" viewBox=\"0 0 1900.9 136.4\" preserveAspectRatio=\"none\">\n<style type=\"text\/css\">\n\t.cls-f9f9f9{fill:#FFFFFF;}\n<\/style>\n<path class=\"cls-f9f9f9\"  d=\"M-19.3,0v70c0,0-63.5,66.4,415.6,66.4c243.4,0,620.7-93,939.3-109.7c310-16.2,565.3,43.8,565.3,43.8V0H-19.3z\"\/>\n<\/svg>\n\n\n\t<div class=\"container\">\n\n\t\t<div class=\"row\">\n\n\t\t\t<div class=\"col-12\">\n\t\t\t\t\t\t\t\t\t<h4 class=\"text-center\">Conectado con los ODS<\/h4>\n\t\t\t\t\t\t\t<\/div>\n\n\t\t\t\n\t\t\t    \t<div class=\"col-lg-3 col-6 anime-in-view\">\n\n\t\t\t\t\t\t<p class=\"chiffre with-ovale\" style=\"color: #c32136\">\n\t\t\t\t\t\t\t4\t\t\t\t\t\t\t<div class=\"ovale position-absolute\">\n    <svg xmlns=\"http:\/\/www.w3.org\/2000\/svg\" preserveAspectRatio=\"none\" width=\"64.138\" height=\"67.833\" viewBox=\"0 0 89.138 92.833\"><path class=\"a\" style=\"stroke:none;\" d=\"M24.748,71.517h0m0,2.838a16.97,16.97,0,0,0,10.784-3.973c12.487-9.649,18.163-22.7,19.866-38.6C57.1,11.92,46.884,0,29.856,0h-2.27A26.494,26.494,0,0,0,1.476,21C-1.929,37.461.341,53.354,10.558,66.977c3.973,4.541,9.082,7.379,14.19,7.379Z\" transform=\"matrix(-0.799, 0.602, -0.602, -0.799, 89.138, 59.383)\"\/><\/svg><\/div>\n\t\t\t\t\t\t<\/p>\n\t\t\t\t\t\t<p>Educaci\u00f3n de calidad<\/p>\n\n\t\t\t    \t<\/div>\n\n\t\t\t    \t\n\t\t\t    \t<div class=\"col-lg-3 col-6 anime-in-view\">\n\n\t\t\t\t\t\t<p class=\"chiffre with-ovale\" style=\"color: #8f1838\">\n\t\t\t\t\t\t\t8\t\t\t\t\t\t\t<div class=\"ovale position-absolute\">\n    <svg xmlns=\"http:\/\/www.w3.org\/2000\/svg\" preserveAspectRatio=\"none\" width=\"64.138\" height=\"67.833\" viewBox=\"0 0 89.138 92.833\"><path class=\"a\" style=\"stroke:none;\" d=\"M24.748,71.517h0m0,2.838a16.97,16.97,0,0,0,10.784-3.973c12.487-9.649,18.163-22.7,19.866-38.6C57.1,11.92,46.884,0,29.856,0h-2.27A26.494,26.494,0,0,0,1.476,21C-1.929,37.461.341,53.354,10.558,66.977c3.973,4.541,9.082,7.379,14.19,7.379Z\" transform=\"matrix(-0.799, 0.602, -0.602, -0.799, 89.138, 59.383)\"\/><\/svg><\/div>\n\t\t\t\t\t\t<\/p>\n\t\t\t\t\t\t<p>Trabajo decente y crecimiento econ\u00f3mico<\/p>\n\n\t\t\t    \t<\/div>\n\n\t\t\t    \t\n\t\t\t    \t<div class=\"col-lg-3 col-6 anime-in-view\">\n\n\t\t\t\t\t\t<p class=\"chiffre with-ovale\" style=\"color: #f99e29\">\n\t\t\t\t\t\t\t11\t\t\t\t\t\t\t<div class=\"ovale position-absolute\">\n    <svg xmlns=\"http:\/\/www.w3.org\/2000\/svg\" preserveAspectRatio=\"none\" width=\"64.138\" height=\"67.833\" viewBox=\"0 0 89.138 92.833\"><path class=\"a\" style=\"stroke:none;\" d=\"M24.748,71.517h0m0,2.838a16.97,16.97,0,0,0,10.784-3.973c12.487-9.649,18.163-22.7,19.866-38.6C57.1,11.92,46.884,0,29.856,0h-2.27A26.494,26.494,0,0,0,1.476,21C-1.929,37.461.341,53.354,10.558,66.977c3.973,4.541,9.082,7.379,14.19,7.379Z\" transform=\"matrix(-0.799, 0.602, -0.602, -0.799, 89.138, 59.383)\"\/><\/svg><\/div>\n\t\t\t\t\t\t<\/p>\n\t\t\t\t\t\t<p>Ciudades e comunidades sostenibles<\/p>\n\n\t\t\t    \t<\/div>\n\n\t\t\t    \t\n\t\t\t    \t<div class=\"col-lg-3 col-6 anime-in-view\">\n\n\t\t\t\t\t\t<p class=\"chiffre with-ovale\" style=\"color: #cf8e2a\">\n\t\t\t\t\t\t\t12\t\t\t\t\t\t\t<div class=\"ovale position-absolute\">\n    <svg xmlns=\"http:\/\/www.w3.org\/2000\/svg\" preserveAspectRatio=\"none\" width=\"64.138\" height=\"67.833\" viewBox=\"0 0 89.138 92.833\"><path class=\"a\" style=\"stroke:none;\" d=\"M24.748,71.517h0m0,2.838a16.97,16.97,0,0,0,10.784-3.973c12.487-9.649,18.163-22.7,19.866-38.6C57.1,11.92,46.884,0,29.856,0h-2.27A26.494,26.494,0,0,0,1.476,21C-1.929,37.461.341,53.354,10.558,66.977c3.973,4.541,9.082,7.379,14.19,7.379Z\" transform=\"matrix(-0.799, 0.602, -0.602, -0.799, 89.138, 59.383)\"\/><\/svg><\/div>\n\t\t\t\t\t\t<\/p>\n\t\t\t\t\t\t<p>Producci\u00f3n y consumo responsables<\/p>\n\n\t\t\t    \t<\/div>\n\n\t\t\t    \t\n\t\t\t\n\t\t<\/div>\n\n\t<\/div>\n\n\t<div class=\"formes position-absolute\">\n\t\t<span class=\"position-absolute d-none d-xl-block\" id=\"form1\">\n\t\t\t<svg xmlns=\"http:\/\/www.w3.org\/2000\/svg\" width=\"162.539\" height=\"149.057\" viewBox=\"0 0 162.539 149.057\"><g transform=\"translate(39.818 162.057) rotate(-120)\"><path class=\"a color-revert\" style=\"stroke:none;\" d=\"M82.231,6.422,77.885,6.1c-7.354,2.267-13.7,6.8-19.721,11.66C44.459,29.417,29.417,38.81,15.044,49.5a67.761,67.761,0,0,0-8.357,8.421C-2.337,69.579,0,79.943,8.693,90.307a72.356,72.356,0,0,0,13.37,11.336c13.7,9.716,27.409,19.109,41.114,28.5,4.68,3.239,9.025,5.83,14.373,7.125a23.688,23.688,0,0,0,4.345.648c4.68,0,8.357-2.915,10.362-8.1a64.512,64.512,0,0,0,3.677-25.263c-.334-10.688-1-21.052-1.671-31.417-.669-9.069,0-18.137.669-27.206s2.674-17.814,1-26.882A28.407,28.407,0,0,0,93.261,11.6,12.671,12.671,0,0,0,82.231,5.45S79.222,5.774,77.885,6.1Z\" transform=\"translate(6.31 7.978)\"\/><\/g><\/svg>\t\t<\/span>\n\n\t\t<span class=\"position-absolute d-none d-xl-block\" id=\"form2\">\n\t\t\t<svg xmlns=\"http:\/\/www.w3.org\/2000\/svg\" preserveAspectRatio=\"none\" width=\"89.138\" height=\"92.833\" viewBox=\"0 0 89.138 92.833\"><path class=\"a\" style=\"stroke:none;\" d=\"M24.748,71.517h0m0,2.838a16.97,16.97,0,0,0,10.784-3.973c12.487-9.649,18.163-22.7,19.866-38.6C57.1,11.92,46.884,0,29.856,0h-2.27A26.494,26.494,0,0,0,1.476,21C-1.929,37.461.341,53.354,10.558,66.977c3.973,4.541,9.082,7.379,14.19,7.379Z\" transform=\"matrix(-0.799, 0.602, -0.602, -0.799, 89.138, 59.383)\"\/><\/svg>\t\t<\/span>\n\t<\/div>\n\n\n\n<\/div>\n\n<div class=\"slider-article-expert slider-bonnes-pratiques\" id=\"slider-bonnes-pratiques\">\n\n\t<div class=\"container py-6\">\n\n\t\t<div class=\"row mb-4\">\n\t\t\t<div class=\"col\">\n\t\t\t\t<h2 class=\"anime-in-view\">Las buenas pr\u00e1cticas asociadas<\/h2>\n\t\t\t<\/div>\n\t\t<\/div>\n\n\t\t<div class=\"row mb-5\">\n\t\t\t\n\t\t\t<div class=\"col\">\n\n\t\t\t\t<div class=\"slider-nav anime-in-view\">\n\n\t\t\t\t\t<div class=\"swiper-navigation\">\n\t\t\t\t\t\t\n\t\t\t\t\t\t<div class=\"swiper-button-prev\">\n\t\t\t\t\t\t\t<i class=\"fal fa-angle-left\"><\/i>\n\t    \t\t\t\t\t<svg xmlns=\"http:\/\/www.w3.org\/2000\/svg\" viewBox=\"0 0 40 31\"><path d=\"M40,15.5c0,8.56-3,15.5-14,15.5S0,24.06,0,15.5,15,0,26,0,40,6.94,40,15.5Z\"\/><\/svg>\n\t    \t\t\t\t<\/div>\n\n\t\t\t\t\t\t<div class=\"swiper-button-next\">\n\t\t\t\t\t\t\t<i class=\"fal fa-angle-right\"><\/i>\n\t\t\t\t\t\t\t<svg xmlns=\"http:\/\/www.w3.org\/2000\/svg\" viewBox=\"0 0 40 31\"><path d=\"M40,15.5c0,8.56-3,15.5-14,15.5S0,24.06,0,15.5,15,0,26,0,40,6.94,40,15.5Z\"\/><\/svg>\n\t\t\t\t\t\t<\/div>\n\n\t    \t\t\t<\/div>\n\n\t\t\t\t\t<div class=\"swiper-wrapper\">\n\n                        <div class=\"swiper-slide\">    <div class=\"post-block composant-bonnes-pratiques position-relative embed-responsive embed-responsive-175by144 anime-in-view no-hover\">\n\n    <div class=\"embed-responsive-item d-flex flex-column justify-content-between\">\n\n    <div class=\"header-post-block text-left pt-4 pl-3 position-relative\" >\n        \n        <span class=\"ctag ml-2 text-white btn btn-sm position-relative bg-info\" >Buena pr\u00e1ctica<\/span>    \n\n    <\/div>\n\n    <i class=\"fas fa-lock text-secondary position-absolute\"><div class=\"position-relative\"><div class=\"position-absolute bg-secondary text-dark text-left bull-connexion\">El contenido est\u00e1 reservado s\u00f3lo para los miembros.<div class=\"my-2\"><\/div>Para verlo,<a href=\"\" class=\"text-dark\" data-toggle=\"modal\" data-target=\"#ConnexionModal\">identif\u00edquese.<\/a><\/div><\/div><\/i>\n    <div class=\"post-details text-left p-4 d-flex flex-column justify-content-end position-relative\">\n\n        <h4 class=\"post-title m-0\"><u>Italian Port Days<\/u><\/h4>\n\n        <p class=\"post-chapo m-0 d-none\">En mayo de 2019, la Asociaci&oacute;n de Puertos de Italia (Assoporti) lanz&oacute; la iniciativa &ldquo;Italian [&hellip;]<\/p>\n\n    <\/div>\n\n    <div class=\"image-bg-post-block position-absolute h-100 w-100\" style=\"background-image: url(https:\/\/www.aivp.org\/wp-content\/uploads\/2025\/08\/Image17_awyzum-700x576.jpeg);\">\n                <\/div>\n\n    <\/div>\n<\/div><\/div><div class=\"swiper-slide\">    <div class=\"post-block composant-bonnes-pratiques position-relative embed-responsive embed-responsive-175by144 anime-in-view no-hover\">\n\n    <div class=\"embed-responsive-item d-flex flex-column justify-content-between\">\n\n    <div class=\"header-post-block text-left pt-4 pl-3 position-relative\" >\n        \n        <span class=\"ctag ml-2 text-white btn btn-sm position-relative bg-info\" >Buena pr\u00e1ctica<\/span>    \n\n    <\/div>\n\n    <i class=\"fas fa-lock text-secondary position-absolute\"><div class=\"position-relative\"><div class=\"position-absolute bg-secondary text-dark text-left bull-connexion\">El contenido est\u00e1 reservado s\u00f3lo para los miembros.<div class=\"my-2\"><\/div>Para verlo,<a href=\"\" class=\"text-dark\" data-toggle=\"modal\" data-target=\"#ConnexionModal\">identif\u00edquese.<\/a><\/div><\/div><\/i>\n    <div class=\"post-details text-left p-4 d-flex flex-column justify-content-end position-relative\">\n\n        <h4 class=\"post-title m-0\"><u>Auckland (Nueva Zelandia): un frente costero con una identidad compartida<\/u><\/h4>\n\n        <p class=\"post-chapo m-0 d-none\">En 2012, la ciudad de Auckland recibi&oacute; un plan regulador para su Frente Costero. Adem&aacute;s [&hellip;]<\/p>\n\n    <\/div>\n\n    <div class=\"image-bg-post-block position-absolute h-100 w-100\" style=\"background-image: url(https:\/\/www.aivp.org\/wp-content\/uploads\/2021\/10\/maj-guide_m4_auckland2-c_jy41ve.jpeg);\">\n                <\/div>\n\n    <\/div>\n<\/div><\/div><div class=\"swiper-slide\">    <div class=\"post-block composant-bonnes-pratiques position-relative embed-responsive embed-responsive-175by144 anime-in-view no-hover\">\n\n    <div class=\"embed-responsive-item d-flex flex-column justify-content-between\">\n\n    <div class=\"header-post-block text-left pt-4 pl-3 position-relative\" >\n        \n        <span class=\"ctag ml-2 text-white btn btn-sm position-relative bg-info\" >Buena pr\u00e1ctica<\/span>    \n\n    <\/div>\n\n    <i class=\"fas fa-lock text-secondary position-absolute\"><div class=\"position-relative\"><div class=\"position-absolute bg-secondary text-dark text-left bull-connexion\">El contenido est\u00e1 reservado s\u00f3lo para los miembros.<div class=\"my-2\"><\/div>Para verlo,<a href=\"\" class=\"text-dark\" data-toggle=\"modal\" data-target=\"#ConnexionModal\">identif\u00edquese.<\/a><\/div><\/div><\/i>\n    <div class=\"post-details text-left p-4 d-flex flex-column justify-content-end position-relative\">\n\n        <h4 class=\"post-title m-0\"><u>Oslo (Noruega): renovaci\u00f3n urbana centrada en el patrimonio para el dise\u00f1o de un nuevo centro<\/u><\/h4>\n\n        <p class=\"post-chapo m-0 d-none\">El Concejo Municipal y la Autoridad Portuaria de Oslo han desarrollado una estrategia conjunta para [&hellip;]<\/p>\n\n    <\/div>\n\n    <div class=\"image-bg-post-block position-absolute h-100 w-100\" style=\"background-image: url(https:\/\/www.aivp.org\/wp-content\/uploads\/2021\/10\/maj-guide_e1_oslo2b_iqz3bp.jpeg);\">\n                <\/div>\n\n    <\/div>\n<\/div><\/div><div class=\"swiper-slide\">    <div class=\"post-block composant-bonnes-pratiques position-relative embed-responsive embed-responsive-175by144 anime-in-view no-hover\">\n\n    <div class=\"embed-responsive-item d-flex flex-column justify-content-between\">\n\n    <div class=\"header-post-block text-left pt-4 pl-3 position-relative\" >\n        \n        <span class=\"ctag ml-2 text-white btn btn-sm position-relative bg-info\" >Buena pr\u00e1ctica<\/span>    \n\n    <\/div>\n\n    <i class=\"fas fa-lock text-secondary position-absolute\"><div class=\"position-relative\"><div class=\"position-absolute bg-secondary text-dark text-left bull-connexion\">El contenido est\u00e1 reservado s\u00f3lo para los miembros.<div class=\"my-2\"><\/div>Para verlo,<a href=\"\" class=\"text-dark\" data-toggle=\"modal\" data-target=\"#ConnexionModal\">identif\u00edquese.<\/a><\/div><\/div><\/i>\n    <div class=\"post-details text-left p-4 d-flex flex-column justify-content-end position-relative\">\n\n        <h4 class=\"post-title m-0\"><u>Lisboa (Portugal): el techo de la terminal de cruceros se puede utilizar como espacio p\u00fablico<\/u><\/h4>\n\n        <p class=\"post-chapo m-0 d-none\">En 2010, se seleccion&oacute; el proyecto del arquitecto Jo&atilde;o Lu&iacute;s Carrilho da Gra&ccedil;a&nbsp; principalmente debido [&hellip;]<\/p>\n\n    <\/div>\n\n    <div class=\"image-bg-post-block position-absolute h-100 w-100\" style=\"background-image: url(https:\/\/www.aivp.org\/wp-content\/uploads\/2021\/10\/maj-guide_d4_lisbonne1-final-c_xok1ug.jpeg);\">\n                <\/div>\n\n    <\/div>\n<\/div><\/div><div class=\"swiper-slide\">    <a href=\"https:\/\/www.aivp.org\/es\/buenas-practicas\/melbourne-australia-una-waterline-con-vistas-a-la-ciudad-y-a-los-portacontenedores\/\" class=\"post-block composant-bonnes-pratiques position-relative embed-responsive embed-responsive-175by144 anime-in-view\">\n\n    <div class=\"embed-responsive-item d-flex flex-column justify-content-between\">\n\n    <div class=\"header-post-block text-left pt-4 pl-3 position-relative\" >\n        \n        <span class=\"ctag ml-2 text-white btn btn-sm position-relative bg-info\" >Buena pr\u00e1ctica<\/span>    \n\n    <\/div>\n\n    \n    <div class=\"post-details text-left p-4 d-flex flex-column justify-content-end position-relative\">\n\n        <h4 class=\"post-title m-0\"><u>Melbourne (Australia): una waterline con vistas a la ciudad y a los portacontenedores<\/u><\/h4>\n\n        <p class=\"post-chapo m-0 d-none\">En 2013, el Puerto de Melbourne lanz&oacute;, al sudoeste de la ciudad de Melbourne, los [&hellip;]<\/p>\n\n    <\/div>\n\n    <div class=\"image-bg-post-block position-absolute h-100 w-100\" style=\"background-image: url(https:\/\/www.aivp.org\/wp-content\/uploads\/2021\/10\/B2-Melbourne1-B_djkzsu-700x576.jpeg);\">\n                <\/div>\n\n    <\/div>\n<\/a><\/div><div class=\"swiper-slide\">    <div class=\"post-block composant-bonnes-pratiques position-relative embed-responsive embed-responsive-175by144 anime-in-view no-hover\">\n\n    <div class=\"embed-responsive-item d-flex flex-column justify-content-between\">\n\n    <div class=\"header-post-block text-left pt-4 pl-3 position-relative\" >\n        \n        <span class=\"ctag ml-2 text-white btn btn-sm position-relative bg-info\" >Buena pr\u00e1ctica<\/span>    \n\n    <\/div>\n\n    <i class=\"fas fa-lock text-secondary position-absolute\"><div class=\"position-relative\"><div class=\"position-absolute bg-secondary text-dark text-left bull-connexion\">El contenido est\u00e1 reservado s\u00f3lo para los miembros.<div class=\"my-2\"><\/div>Para verlo,<a href=\"\" class=\"text-dark\" data-toggle=\"modal\" data-target=\"#ConnexionModal\">identif\u00edquese.<\/a><\/div><\/div><\/i>\n    <div class=\"post-details text-left p-4 d-flex flex-column justify-content-end position-relative\">\n\n        <h4 class=\"post-title m-0\"><u>Yokohama (Jap\u00f3n): los terminales de pasajeros son lugares de vida<\/u><\/h4>\n\n        <p class=\"post-chapo m-0 d-none\">Situada en el muelle m&aacute;s antiguo de Yokohama,&nbsp;la Terminal Internacional de Pasajeros de Osanbashi se [&hellip;]<\/p>\n\n    <\/div>\n\n    <div class=\"image-bg-post-block position-absolute h-100 w-100\" style=\"background-image: url(https:\/\/www.aivp.org\/wp-content\/uploads\/2021\/10\/d4_yokohama1b_copyright-idesignarch_web_nshvez.jpeg);\">\n                <\/div>\n\n    <\/div>\n<\/div><\/div><div class=\"swiper-slide\">    <a href=\"https:\/\/www.aivp.org\/es\/buenas-practicas\/fremantle-australia-paseo-y-espacios-de-santuario-para-aves\/\" class=\"post-block composant-bonnes-pratiques position-relative embed-responsive embed-responsive-175by144 anime-in-view\">\n\n    <div class=\"embed-responsive-item d-flex flex-column justify-content-between\">\n\n    <div class=\"header-post-block text-left pt-4 pl-3 position-relative\" >\n        \n        <span class=\"ctag ml-2 text-white btn btn-sm position-relative bg-info\" >Buena pr\u00e1ctica<\/span>    \n\n    <\/div>\n\n    \n    <div class=\"post-details text-left p-4 d-flex flex-column justify-content-end position-relative\">\n\n        <h4 class=\"post-title m-0\"><u>Fremantle (Australia): paseo y espacios de santuario para aves<\/u><\/h4>\n\n        <p class=\"post-chapo m-0 d-none\">Ports of Fremantle acondicion&oacute; un paseo a lo largo del Parque Industrial de Rous Head. [&hellip;]<\/p>\n\n    <\/div>\n\n    <div class=\"image-bg-post-block position-absolute h-100 w-100\" style=\"background-image: url(https:\/\/www.aivp.org\/wp-content\/uploads\/2021\/10\/b1_fremantle_roushead1_copyrightfremantleports_bjijim.jpeg);\">\n                <\/div>\n\n    <\/div>\n<\/a><\/div><div class=\"swiper-slide\">    <div class=\"post-block composant-bonnes-pratiques position-relative embed-responsive embed-responsive-175by144 anime-in-view no-hover\">\n\n    <div class=\"embed-responsive-item d-flex flex-column justify-content-between\">\n\n    <div class=\"header-post-block text-left pt-4 pl-3 position-relative\" >\n        \n        <span class=\"ctag ml-2 text-white btn btn-sm position-relative bg-info\" >Buena pr\u00e1ctica<\/span>    \n\n    <\/div>\n\n    <i class=\"fas fa-lock text-secondary position-absolute\"><div class=\"position-relative\"><div class=\"position-absolute bg-secondary text-dark text-left bull-connexion\">El contenido est\u00e1 reservado s\u00f3lo para los miembros.<div class=\"my-2\"><\/div>Para verlo,<a href=\"\" class=\"text-dark\" data-toggle=\"modal\" data-target=\"#ConnexionModal\">identif\u00edquese.<\/a><\/div><\/div><\/i>\n    <div class=\"post-details text-left p-4 d-flex flex-column justify-content-end position-relative\">\n\n        <h4 class=\"post-title m-0\"><u>Bellingham (Estados Unidos, WA): un recorrido que permite comprender mejor el patrimonio<\/u><\/h4>\n\n        <p class=\"post-chapo m-0 d-none\">El puerto y la Ciudad de Bellingham formaron una asociaci&oacute;n para desarrollar una senda patrimonial, [&hellip;]<\/p>\n\n    <\/div>\n\n    <div class=\"image-bg-post-block position-absolute h-100 w-100\" style=\"background-image: url(https:\/\/www.aivp.org\/wp-content\/uploads\/2021\/10\/d5_bellingham1b_copyright_walkermacy_aldrichpears-associates_it17xj.jpeg);\">\n                <\/div>\n\n    <\/div>\n<\/div><\/div><div class=\"swiper-slide\">    <a href=\"https:\/\/www.aivp.org\/es\/buenas-practicas\/le-port-la-reunion-francia-la-porosidad-para-recuperar-la-vista-al-puerto\/\" class=\"post-block composant-bonnes-pratiques position-relative embed-responsive embed-responsive-175by144 anime-in-view\">\n\n    <div class=\"embed-responsive-item d-flex flex-column justify-content-between\">\n\n    <div class=\"header-post-block text-left pt-4 pl-3 position-relative\" >\n        \n        <span class=\"ctag ml-2 text-white btn btn-sm position-relative bg-info\" >Buena pr\u00e1ctica<\/span>    \n\n    <\/div>\n\n    \n    <div class=\"post-details text-left p-4 d-flex flex-column justify-content-end position-relative\">\n\n        <h4 class=\"post-title m-0\"><u>Le Port (La Reuni\u00f3n \u2013 Francia): la porosidad para recuperar la vista al puerto<\/u><\/h4>\n\n        <p class=\"post-chapo m-0 d-none\">Al momento de su creaci&oacute;n en 1895, la ciudad de Le Port era una ciudad [&hellip;]<\/p>\n\n    <\/div>\n\n    <div class=\"image-bg-post-block position-absolute h-100 w-100\" style=\"background-image: url(https:\/\/www.aivp.org\/wp-content\/uploads\/2021\/10\/maj-guide_b3_leport-lareunion1-b_gpn7jf.jpeg);\">\n                <\/div>\n\n    <\/div>\n<\/a><\/div><div class=\"swiper-slide\">    <div class=\"post-block composant-bonnes-pratiques position-relative embed-responsive embed-responsive-175by144 anime-in-view no-hover\">\n\n    <div class=\"embed-responsive-item d-flex flex-column justify-content-between\">\n\n    <div class=\"header-post-block text-left pt-4 pl-3 position-relative\" >\n        \n        <span class=\"ctag ml-2 text-white btn btn-sm position-relative bg-info\" >Buena pr\u00e1ctica<\/span>    \n\n    <\/div>\n\n    <i class=\"fas fa-lock text-secondary position-absolute\"><div class=\"position-relative\"><div class=\"position-absolute bg-secondary text-dark text-left bull-connexion\">El contenido est\u00e1 reservado s\u00f3lo para los miembros.<div class=\"my-2\"><\/div>Para verlo,<a href=\"\" class=\"text-dark\" data-toggle=\"modal\" data-target=\"#ConnexionModal\">identif\u00edquese.<\/a><\/div><\/div><\/i>\n    <div class=\"post-details text-left p-4 d-flex flex-column justify-content-end position-relative\">\n\n        <h4 class=\"post-title m-0\"><u>Dubl\u00edn (Irlanda): presencia en las redes sociales e integraci\u00f3n social de los puertos<\/u><\/h4>\n\n        <p class=\"post-chapo m-0 d-none\">El puerto de Dubl&iacute;n se ubica en el centro de la ciudad, en contacto estrecho [&hellip;]<\/p>\n\n    <\/div>\n\n    <div class=\"image-bg-post-block position-absolute h-100 w-100\" style=\"background-image: url(https:\/\/www.aivp.org\/wp-content\/uploads\/2025\/04\/Photo_mise_en_avant-_BON_720_x_576_px_1_rpzwj3-700x576.png);\">\n                <\/div>\n\n    <\/div>\n<\/div><\/div><div class=\"swiper-slide\">    <div class=\"post-block composant-bonnes-pratiques position-relative embed-responsive embed-responsive-175by144 anime-in-view no-hover\">\n\n    <div class=\"embed-responsive-item d-flex flex-column justify-content-between\">\n\n    <div class=\"header-post-block text-left pt-4 pl-3 position-relative\" >\n        \n        <span class=\"ctag ml-2 text-white btn btn-sm position-relative bg-info\" >Buena pr\u00e1ctica<\/span>    \n\n    <\/div>\n\n    <i class=\"fas fa-lock text-secondary position-absolute\"><div class=\"position-relative\"><div class=\"position-absolute bg-secondary text-dark text-left bull-connexion\">El contenido est\u00e1 reservado s\u00f3lo para los miembros.<div class=\"my-2\"><\/div>Para verlo,<a href=\"\" class=\"text-dark\" data-toggle=\"modal\" data-target=\"#ConnexionModal\">identif\u00edquese.<\/a><\/div><\/div><\/i>\n    <div class=\"post-details text-left p-4 d-flex flex-column justify-content-end position-relative\">\n\n        <h4 class=\"post-title m-0\"><u>Saint-Nazaire (Francia): valoraci\u00f3n de las estructuras patrimoniales de la Segunda Guerra Mundial<\/u><\/h4>\n\n        <p class=\"post-chapo m-0 d-none\">La base de submarinos de Saint-Nazaire, construida por los Nazis durante la Segunda Guerra Mundial, [&hellip;]<\/p>\n\n    <\/div>\n\n    <div class=\"image-bg-post-block position-absolute h-100 w-100\" style=\"background-image: url(https:\/\/www.aivp.org\/wp-content\/uploads\/2021\/10\/maj-guide_d3_saint-nazaire1_inauguration-illumination-bsm20141127_071_final-b_dz9r9a.jpeg);\">\n                <\/div>\n\n    <\/div>\n<\/div><\/div><div class=\"swiper-slide\">    <div class=\"post-block composant-bonnes-pratiques position-relative embed-responsive embed-responsive-175by144 anime-in-view no-hover\">\n\n    <div class=\"embed-responsive-item d-flex flex-column justify-content-between\">\n\n    <div class=\"header-post-block text-left pt-4 pl-3 position-relative\" >\n        \n        <span class=\"ctag ml-2 text-white btn btn-sm position-relative bg-info\" >Buena pr\u00e1ctica<\/span>    \n\n    <\/div>\n\n    <i class=\"fas fa-lock text-secondary position-absolute\"><div class=\"position-relative\"><div class=\"position-absolute bg-secondary text-dark text-left bull-connexion\">El contenido est\u00e1 reservado s\u00f3lo para los miembros.<div class=\"my-2\"><\/div>Para verlo,<a href=\"\" class=\"text-dark\" data-toggle=\"modal\" data-target=\"#ConnexionModal\">identif\u00edquese.<\/a><\/div><\/div><\/i>\n    <div class=\"post-details text-left p-4 d-flex flex-column justify-content-end position-relative\">\n\n        <h4 class=\"post-title m-0\"><u>Lyon (Francia): el programa \u00abDe riberas y sue\u00f1os\u00bb redefine el puerto<\/u><\/h4>\n\n        <p class=\"post-chapo m-0 d-none\">En 2010, la asociaci&oacute;n &ldquo;Robin des Villes&rdquo; lanz&oacute; el programa &rdquo;Des rives et des r&ecirc;ves&rdquo; [&hellip;]<\/p>\n\n    <\/div>\n\n    <div class=\"image-bg-post-block position-absolute h-100 w-100\" style=\"background-image: url(https:\/\/www.aivp.org\/wp-content\/uploads\/2021\/10\/maj-guide_m2_lyon_publi_finale-3_page_01-b_dbzoyt-453x576.jpeg);\">\n                <\/div>\n\n    <\/div>\n<\/div><\/div>\t\t\t\t\t<\/div>\n\n\t\t\t\t<\/div>\n\n\t\t\t<\/div>\n\n\t\t<\/div>\n\n\t\t<div class=\"row\">\n\t\t\t<div class=\"col text-center anime-in-view\">\n\t\t\t\t<a href=\"https:\/\/www.aivp.org\/es\/buenas-practicas\/\" class=\"btn icons-animation cercles\">Todas nuestras buenas pr\u00e1cticas<\/a>\n\t\t\t<\/div>\n\t\t<\/div>\n\n\t<\/div>\n\n<\/div>\n\n<div class=\"slider-article-expert\" id=\"slider-article-expert\">\n\n\t<div class=\"container py-6\">\n\n\t\t<div class=\"row mb-4\">\n\t\t\t<div class=\"col\">\n\t\t\t\t<h2 class=\"anime-in-view\">Noticias recientes relacionadas con este compromiso<\/h2>\n\t\t\t<\/div>\n\t\t<\/div>\n\n\t\t<div class=\"row\">\n\t\t\t\n\t\t\t<div class=\"col\">\n\n\t\t\t\t<div class=\"slider-nav anime-in-view\">\n\n\t\t\t\t\t<div class=\"swiper-navigation\">\n\t\t\t\t\t\t\n\t\t\t\t\t\t<div class=\"swiper-button-prev\">\n\t\t\t\t\t\t\t<i class=\"fal fa-angle-left\"><\/i>\n\t    \t\t\t\t\t<svg xmlns=\"http:\/\/www.w3.org\/2000\/svg\" viewBox=\"0 0 40 31\"><path d=\"M40,15.5c0,8.56-3,15.5-14,15.5S0,24.06,0,15.5,15,0,26,0,40,6.94,40,15.5Z\"\/><\/svg>\n\t    \t\t\t\t<\/div>\n\n\t\t\t\t\t\t<div class=\"swiper-button-next\">\n\t\t\t\t\t\t\t<i class=\"fal fa-angle-right\"><\/i>\n\t\t\t\t\t\t\t<svg xmlns=\"http:\/\/www.w3.org\/2000\/svg\" viewBox=\"0 0 40 31\"><path d=\"M40,15.5c0,8.56-3,15.5-14,15.5S0,24.06,0,15.5,15,0,26,0,40,6.94,40,15.5Z\"\/><\/svg>\n\t\t\t\t\t\t<\/div>\n\n\t    \t\t\t<\/div>\n\n\t\t\t\t\t<div class=\"swiper-wrapper\">\n\n                        <div class=\"swiper-slide\">    <div class=\"post-block position-relative embed-responsive embed-responsive-175by144 anime-in-view no-hover\">\n\n    <div class=\"embed-responsive-item d-flex flex-column justify-content-between\">\n\n    \n    <div class=\"header-post-block text-left pt-4 pl-3 position-relative\" >\n        \n        <span class=\"ctag ml-2 text-white btn btn-sm position-relative bg-info\" >Actualit\u00e9s<\/span>    \n\n    <\/div>\n\n    <i class=\"fas fa-lock text-secondary position-absolute\"><div class=\"position-relative\"><div class=\"position-absolute bg-secondary text-dark text-left bull-connexion\">El contenido est\u00e1 reservado s\u00f3lo para los miembros.<div class=\"my-2\"><\/div>Para verlo,<a href=\"\" class=\"text-dark\" data-toggle=\"modal\" data-target=\"#ConnexionModal\">identif\u00edquese.<\/a><\/div><\/div><\/i>\n    <div class=\"post-details text-left p-4 d-flex flex-column justify-content-end position-relative\">\n        <div class=\"date small\">\n\n        El 18 de agosto de 2021<\/div>\n\n        <h4 class=\"post-title m-0\"><u>Desvelar el patrimonio portuario en Lisboa (Portugal) y Riga (Letonia)<\/u><\/h4>\n\n        <p class=\"post-chapo m-0 d-none\">En el norte y el sur de Europa, dos nuevos proyectos facilitar\u00e1n el acceso al [&hellip;]<\/p>\n\n    <\/div>\n\n    <div class=\"image-bg-post-block position-absolute h-100 w-100\">\n            <img loading=\"lazy\" decoding=\"async\" width=\"700\" height=\"576\" src=\"https:\/\/www.aivp.org\/wp-content\/uploads\/2021\/07\/Riga_js_2021aout18-700x576.jpg\" class=\"img-fluid w-100 wp-post-image\" alt=\"\" \/>    <\/div>\n\n    <\/div>\n<\/div><\/div><div class=\"swiper-slide\">    <div class=\"post-block position-relative embed-responsive embed-responsive-175by144 anime-in-view no-hover\">\n\n    <div class=\"embed-responsive-item d-flex flex-column justify-content-between\">\n\n    \n    <div class=\"header-post-block text-left pt-4 pl-3 position-relative\" >\n        \n        <span class=\"ctag ml-2 text-white btn btn-sm position-relative bg-info\" >Actualit\u00e9s<\/span>    \n\n    <\/div>\n\n    <i class=\"fas fa-lock text-secondary position-absolute\"><div class=\"position-relative\"><div class=\"position-absolute bg-secondary text-dark text-left bull-connexion\">El contenido est\u00e1 reservado s\u00f3lo para los miembros.<div class=\"my-2\"><\/div>Para verlo,<a href=\"\" class=\"text-dark\" data-toggle=\"modal\" data-target=\"#ConnexionModal\">identif\u00edquese.<\/a><\/div><\/div><\/i>\n    <div class=\"post-details text-left p-4 d-flex flex-column justify-content-end position-relative\">\n        <div class=\"date small\">\n\n        El 30 de junio de 2021<\/div>\n\n        <h4 class=\"post-title m-0\"><u>El puerto de Algeciras (Espa\u00f1a) pone en valor su patrimonio<\/u><\/h4>\n\n        <p class=\"post-chapo m-0 d-none\">Las autoridades del puerto han presentado a su Consejo de Administraci\u00f3n un plan de conservaci\u00f3n [&hellip;]<\/p>\n\n    <\/div>\n\n    <div class=\"image-bg-post-block position-absolute h-100 w-100\">\n            <img loading=\"lazy\" decoding=\"async\" width=\"700\" height=\"576\" src=\"https:\/\/www.aivp.org\/wp-content\/uploads\/2021\/06\/algeciras_dd_2021juin28-700x576.jpg\" class=\"img-fluid w-100 wp-post-image\" alt=\"\" \/>    <\/div>\n\n    <\/div>\n<\/div><\/div><div class=\"swiper-slide\">    <div class=\"post-block position-relative embed-responsive embed-responsive-175by144 anime-in-view no-hover\">\n\n    <div class=\"embed-responsive-item d-flex flex-column justify-content-between\">\n\n    \n    <div class=\"header-post-block text-left pt-4 pl-3 position-relative\" >\n        \n        <span class=\"ctag ml-2 text-white btn btn-sm position-relative bg-info\" >Actualit\u00e9s<\/span>    \n\n    <\/div>\n\n    <i class=\"fas fa-lock text-secondary position-absolute\"><div class=\"position-relative\"><div class=\"position-absolute bg-secondary text-dark text-left bull-connexion\">El contenido est\u00e1 reservado s\u00f3lo para los miembros.<div class=\"my-2\"><\/div>Para verlo,<a href=\"\" class=\"text-dark\" data-toggle=\"modal\" data-target=\"#ConnexionModal\">identif\u00edquese.<\/a><\/div><\/div><\/i>\n    <div class=\"post-details text-left p-4 d-flex flex-column justify-content-end position-relative\">\n        <div class=\"date small\">\n\n        El 2 de junio de 2021<\/div>\n\n        <h4 class=\"post-title m-0\"><u>Introducir a los m\u00e1s j\u00f3venes al mundo mar\u00edtimo<\/u><\/h4>\n\n        <p class=\"post-chapo m-0 d-none\">El D\u00eda Mar\u00edtimo Europeo es un excelente pretexto para acercar la gente a los puertos [&hellip;]<\/p>\n\n    <\/div>\n\n    <div class=\"image-bg-post-block position-absolute h-100 w-100\">\n            <img loading=\"lazy\" decoding=\"async\" width=\"700\" height=\"576\" src=\"https:\/\/www.aivp.org\/wp-content\/uploads\/2021\/06\/Genoa_js_2021mai31-700x576.jpg\" class=\"img-fluid w-100 wp-post-image\" alt=\"Child in the Port of Genoa\" \/>    <\/div>\n\n    <\/div>\n<\/div><\/div>\n\n\t\t\t\t\t\t\t\t\t\t\t\t\t<\/div>\n\n\t\t\t\t<\/div>\n\n\t\t\t<\/div>\n\n\t\t<\/div>\n\n\t<\/div>\n\n<\/div>","protected":false},"excerpt":{"rendered":"","protected":false},"menu_order":6,"template":"","class_list":["post-3712","engagement","type-engagement","status-publish","hentry"],"acf":[],"yoast_head":"<!-- This site is optimized with the Yoast SEO plugin v26.8 - https:\/\/yoast.com\/product\/yoast-seo-wordpress\/ -->\n<title>Cultura portuaria e identidad - AIVP<\/title>\n<meta name=\"robots\" content=\"index, follow, max-snippet:-1, max-image-preview:large, max-video-preview:-1\" \/>\n<link rel=\"canonical\" href=\"https:\/\/www.aivp.org\/es\/compromisos\/cultura-portuaria-e-identidad\/\" \/>\n<meta property=\"og:locale\" content=\"es_ES\" \/>\n<meta property=\"og:type\" content=\"article\" \/>\n<meta property=\"og:title\" content=\"Cultura portuaria e identidad - AIVP\" \/>\n<meta property=\"og:url\" content=\"https:\/\/www.aivp.org\/es\/compromisos\/cultura-portuaria-e-identidad\/\" \/>\n<meta property=\"og:site_name\" content=\"AIVP\" \/>\n<meta property=\"article:modified_time\" content=\"2024-01-17T11:09:15+00:00\" \/>\n<meta name=\"twitter:card\" content=\"summary_large_image\" \/>\n<script type=\"application\/ld+json\" class=\"yoast-schema-graph\">{\"@context\":\"https:\/\/schema.org\",\"@graph\":[{\"@type\":\"WebPage\",\"@id\":\"https:\/\/www.aivp.org\/es\/compromisos\/cultura-portuaria-e-identidad\/\",\"url\":\"https:\/\/www.aivp.org\/es\/compromisos\/cultura-portuaria-e-identidad\/\",\"name\":\"Cultura portuaria e identidad - AIVP\",\"isPartOf\":{\"@id\":\"https:\/\/www.aivp.org\/es\/#website\"},\"datePublished\":\"2021-01-13T11:13:44+00:00\",\"dateModified\":\"2024-01-17T11:09:15+00:00\",\"breadcrumb\":{\"@id\":\"https:\/\/www.aivp.org\/es\/compromisos\/cultura-portuaria-e-identidad\/#breadcrumb\"},\"inLanguage\":\"es\",\"potentialAction\":[{\"@type\":\"ReadAction\",\"target\":[\"https:\/\/www.aivp.org\/es\/compromisos\/cultura-portuaria-e-identidad\/\"]}]},{\"@type\":\"BreadcrumbList\",\"@id\":\"https:\/\/www.aivp.org\/es\/compromisos\/cultura-portuaria-e-identidad\/#breadcrumb\",\"itemListElement\":[{\"@type\":\"ListItem\",\"position\":1,\"name\":\"Home\",\"item\":\"https:\/\/www.aivp.org\/es\/\"},{\"@type\":\"ListItem\",\"position\":2,\"name\":\"Compromisos\",\"item\":\"https:\/\/www.aivp.org\/es\/compromisos\/\"},{\"@type\":\"ListItem\",\"position\":3,\"name\":\"Cultura portuaria e identidad\"}]},{\"@type\":\"WebSite\",\"@id\":\"https:\/\/www.aivp.org\/es\/#website\",\"url\":\"https:\/\/www.aivp.org\/es\/\",\"name\":\"AIVP\",\"description\":\"Inspiring people of port cities\",\"publisher\":{\"@id\":\"https:\/\/www.aivp.org\/es\/#organization\"},\"potentialAction\":[{\"@type\":\"SearchAction\",\"target\":{\"@type\":\"EntryPoint\",\"urlTemplate\":\"https:\/\/www.aivp.org\/es\/?s={search_term_string}\"},\"query-input\":{\"@type\":\"PropertyValueSpecification\",\"valueRequired\":true,\"valueName\":\"search_term_string\"}}],\"inLanguage\":\"es\"},{\"@type\":\"Organization\",\"@id\":\"https:\/\/www.aivp.org\/es\/#organization\",\"name\":\"AIVP\",\"url\":\"https:\/\/www.aivp.org\/es\/\",\"logo\":{\"@type\":\"ImageObject\",\"inLanguage\":\"es\",\"@id\":\"https:\/\/www.aivp.org\/es\/#\/schema\/logo\/image\/\",\"url\":\"https:\/\/www.aivp.org\/wp-content\/uploads\/2020\/07\/cropped-favicon.png\",\"contentUrl\":\"https:\/\/www.aivp.org\/wp-content\/uploads\/2020\/07\/cropped-favicon.png\",\"width\":512,\"height\":512,\"caption\":\"AIVP\"},\"image\":{\"@id\":\"https:\/\/www.aivp.org\/es\/#\/schema\/logo\/image\/\"}}]}<\/script>\n<!-- \/ Yoast SEO plugin. -->","yoast_head_json":{"title":"Cultura portuaria e identidad - AIVP","robots":{"index":"index","follow":"follow","max-snippet":"max-snippet:-1","max-image-preview":"max-image-preview:large","max-video-preview":"max-video-preview:-1"},"canonical":"https:\/\/www.aivp.org\/es\/compromisos\/cultura-portuaria-e-identidad\/","og_locale":"es_ES","og_type":"article","og_title":"Cultura portuaria e identidad - AIVP","og_url":"https:\/\/www.aivp.org\/es\/compromisos\/cultura-portuaria-e-identidad\/","og_site_name":"AIVP","article_modified_time":"2024-01-17T11:09:15+00:00","twitter_card":"summary_large_image","schema":{"@context":"https:\/\/schema.org","@graph":[{"@type":"WebPage","@id":"https:\/\/www.aivp.org\/es\/compromisos\/cultura-portuaria-e-identidad\/","url":"https:\/\/www.aivp.org\/es\/compromisos\/cultura-portuaria-e-identidad\/","name":"Cultura portuaria e identidad - AIVP","isPartOf":{"@id":"https:\/\/www.aivp.org\/es\/#website"},"datePublished":"2021-01-13T11:13:44+00:00","dateModified":"2024-01-17T11:09:15+00:00","breadcrumb":{"@id":"https:\/\/www.aivp.org\/es\/compromisos\/cultura-portuaria-e-identidad\/#breadcrumb"},"inLanguage":"es","potentialAction":[{"@type":"ReadAction","target":["https:\/\/www.aivp.org\/es\/compromisos\/cultura-portuaria-e-identidad\/"]}]},{"@type":"BreadcrumbList","@id":"https:\/\/www.aivp.org\/es\/compromisos\/cultura-portuaria-e-identidad\/#breadcrumb","itemListElement":[{"@type":"ListItem","position":1,"name":"Home","item":"https:\/\/www.aivp.org\/es\/"},{"@type":"ListItem","position":2,"name":"Compromisos","item":"https:\/\/www.aivp.org\/es\/compromisos\/"},{"@type":"ListItem","position":3,"name":"Cultura portuaria e identidad"}]},{"@type":"WebSite","@id":"https:\/\/www.aivp.org\/es\/#website","url":"https:\/\/www.aivp.org\/es\/","name":"AIVP","description":"Inspiring people of port cities","publisher":{"@id":"https:\/\/www.aivp.org\/es\/#organization"},"potentialAction":[{"@type":"SearchAction","target":{"@type":"EntryPoint","urlTemplate":"https:\/\/www.aivp.org\/es\/?s={search_term_string}"},"query-input":{"@type":"PropertyValueSpecification","valueRequired":true,"valueName":"search_term_string"}}],"inLanguage":"es"},{"@type":"Organization","@id":"https:\/\/www.aivp.org\/es\/#organization","name":"AIVP","url":"https:\/\/www.aivp.org\/es\/","logo":{"@type":"ImageObject","inLanguage":"es","@id":"https:\/\/www.aivp.org\/es\/#\/schema\/logo\/image\/","url":"https:\/\/www.aivp.org\/wp-content\/uploads\/2020\/07\/cropped-favicon.png","contentUrl":"https:\/\/www.aivp.org\/wp-content\/uploads\/2020\/07\/cropped-favicon.png","width":512,"height":512,"caption":"AIVP"},"image":{"@id":"https:\/\/www.aivp.org\/es\/#\/schema\/logo\/image\/"}}]}},"_links":{"self":[{"href":"https:\/\/www.aivp.org\/es\/wp-json\/wp\/v2\/engagement\/3712","targetHints":{"allow":["GET"]}}],"collection":[{"href":"https:\/\/www.aivp.org\/es\/wp-json\/wp\/v2\/engagement"}],"about":[{"href":"https:\/\/www.aivp.org\/es\/wp-json\/wp\/v2\/types\/engagement"}],"version-history":[{"count":3,"href":"https:\/\/www.aivp.org\/es\/wp-json\/wp\/v2\/engagement\/3712\/revisions"}],"predecessor-version":[{"id":114067,"href":"https:\/\/www.aivp.org\/es\/wp-json\/wp\/v2\/engagement\/3712\/revisions\/114067"}],"wp:attachment":[{"href":"https:\/\/www.aivp.org\/es\/wp-json\/wp\/v2\/media?parent=3712"}],"curies":[{"name":"wp","href":"https:\/\/api.w.org\/{rel}","templated":true}]}}